{"id":18,"date":"2017-01-01T14:49:33","date_gmt":"2017-01-01T13:49:33","guid":{"rendered":"https:\/\/essasblog.wordpress.com\/?page_id=18"},"modified":"2024-08-13T22:20:52","modified_gmt":"2024-08-13T20:20:52","slug":"bureau","status":"publish","type":"page","link":"https:\/\/essas-du-volant.fr\/index.php\/presentation\/bureau\/","title":{"rendered":"Le bureau"},"content":{"rendered":"\n<h3 class=\"wp-block-heading has-text-align-center\">2024-2025<\/h3>\n\n\n\n<div style=\"height:50px\" aria-hidden=\"true\" class=\"wp-block-spacer\"><\/div>\n\n\n<div class=\"wp-block-image\">\n<figure class=\"aligncenter size-full is-resized\"><img data-recalc-dims=\"1\" loading=\"lazy\" decoding=\"async\" width=\"569\" height=\"732\" src=\"https:\/\/i0.wp.com\/essas-du-volant.fr\/wp-content\/uploads\/image-1.png?resize=569%2C732&#038;ssl=1\" alt=\"\" class=\"wp-image-10944\" style=\"width:200px\" srcset=\"https:\/\/i0.wp.com\/essas-du-volant.fr\/wp-content\/uploads\/image-1.png?w=569&amp;ssl=1 569w, https:\/\/i0.wp.com\/essas-du-volant.fr\/wp-content\/uploads\/image-1.png?resize=233%2C300&amp;ssl=1 233w, https:\/\/i0.wp.com\/essas-du-volant.fr\/wp-content\/uploads\/image-1.png?resize=210%2C270&amp;ssl=1 210w\" sizes=\"auto, (max-width: 569px) 100vw, 569px\" \/><\/figure>\n<\/div>\n\n\n<p class=\"has-text-align-center\"><strong>Pr\u00e9sident :\u00a0 Michel<\/strong><\/p>\n\n\n\n<div style=\"height:50px\" aria-hidden=\"true\" class=\"wp-block-spacer\"><\/div>\n\n\n<div class=\"wp-block-image\">\n<figure class=\"aligncenter size-full is-resized\"><img data-recalc-dims=\"1\" loading=\"lazy\" decoding=\"async\" width=\"522\" height=\"717\" src=\"https:\/\/i0.wp.com\/essas-du-volant.fr\/wp-content\/uploads\/image-2.png?resize=522%2C717&#038;ssl=1\" alt=\"\" class=\"wp-image-10945\" style=\"width:200px\" srcset=\"https:\/\/i0.wp.com\/essas-du-volant.fr\/wp-content\/uploads\/image-2.png?w=522&amp;ssl=1 522w, https:\/\/i0.wp.com\/essas-du-volant.fr\/wp-content\/uploads\/image-2.png?resize=218%2C300&amp;ssl=1 218w, https:\/\/i0.wp.com\/essas-du-volant.fr\/wp-content\/uploads\/image-2.png?resize=197%2C270&amp;ssl=1 197w\" sizes=\"auto, (max-width: 522px) 100vw, 522px\" \/><\/figure>\n<\/div>\n\n\n<p class=\"has-text-align-center\"><strong>Tr\u00e9sori\u00e8re :\u00a0 Ang\u00e9lique<\/strong><\/p>\n\n\n\n<div style=\"height:50px\" aria-hidden=\"true\" class=\"wp-block-spacer\"><\/div>\n\n\n<div class=\"wp-block-image\">\n<figure class=\"aligncenter size-full is-resized\"><img data-recalc-dims=\"1\" loading=\"lazy\" decoding=\"async\" width=\"588\" height=\"718\" src=\"https:\/\/i0.wp.com\/essas-du-volant.fr\/wp-content\/uploads\/image-3.png?resize=588%2C718&#038;ssl=1\" alt=\"\" class=\"wp-image-10947\" style=\"width:200px\" srcset=\"https:\/\/i0.wp.com\/essas-du-volant.fr\/wp-content\/uploads\/image-3.png?w=588&amp;ssl=1 588w, https:\/\/i0.wp.com\/essas-du-volant.fr\/wp-content\/uploads\/image-3.png?resize=246%2C300&amp;ssl=1 246w, https:\/\/i0.wp.com\/essas-du-volant.fr\/wp-content\/uploads\/image-3.png?resize=221%2C270&amp;ssl=1 221w\" sizes=\"auto, (max-width: 588px) 100vw, 588px\" \/><\/figure>\n<\/div>\n\n\n<p class=\"has-text-align-center\"><strong>Secr\u00e9taire : Mathilde<\/strong><\/p>\n\n\n\n<div style=\"height:50px\" aria-hidden=\"true\" class=\"wp-block-spacer\"><\/div>\n\n\n\n<h3 class=\"wp-block-heading has-text-align-center\">Le bureau et ses membres actifs \u00e0 travers les ann\u00e9es<\/h3>\n\n\n\n<p class=\"has-text-align-center\"><\/p>\n\n\n\n<p class=\"has-text-align-center\"><b>Saison 2024-2025 :<\/b><br>Pr\u00e9sident : Michel Fleury<br>Tr\u00e9sori\u00e8re : Ang\u00e9lique Pouiv\u00e9<br>Secr\u00e9taire : Mathilde Huette<br>Commission communication, information : Kally Boulet, Florent Gautier, Sandrine B\u00e2cle<br>Commission jeunes :<br>Commission loisirs :<br>Commission sponsor partenaire :<br>Commission tournoi comp\u00e9titions :<br>Commission mat\u00e9riels :<br>Capitaine pr\u00e9-r\u00e9gionale et Coupe du Morbihan : <br>Capitaine D2 : <br>Capitaine D4 : <br>Capitaine D5 : <br>DH3 : <br>DF2 : <\/p>\n\n\n\n<p class=\"has-text-align-center\"><b>Saison 2023-2024 :<\/b><br>Pr\u00e9sident : Michel Fleury<br>Tr\u00e9sori\u00e8re : Ang\u00e9lique Pouiv\u00e9<br>Secr\u00e9taire : Marc Le Fol<br>Commission communication, information : Kally Boulet, Florent Gautier, Sandrine B\u00e2cle<br>Capitaine D1 et Coupe du Morbihan : Alex Bouilly<br>Capitaine R3 : Alex Bouilly<br>Capitaine D4 : JC<br>DH : Michel Fleury<br>DF : Marie-Jo Touche<\/p>\n\n\n\n<p class=\"has-text-align-center\"><b>Saison 2022-2023 :<\/b><br>Pr\u00e9sident : Michel Fleury<br>Tr\u00e9sori\u00e8re : Ang\u00e9lique Pouiv\u00e9<br>Secr\u00e9taire : Marc Le Fol<br>Commission communication, information : Florent Gautier, Sandrine B\u00e2cle<br>Capitaine D1 et Coupe du Morbihan : Chrishna Zitte, Antoine Tronyo<br>Capitaine D4 : Florent Gautier<\/p>\n\n\n\n<p class=\"has-text-align-center\"><b>Saison 2021-2022 :<\/b><br>Pr\u00e9sident : Yoann Jubin<br>Vice-pr\u00e9sident : Michel Fleury<br>Tr\u00e9sori\u00e8re : Ang\u00e9lique Pouiv\u00e9<br>Secr\u00e9taire : Jenny Maho<br>Commission poussins\/minibad : Yoann Jubin<br>Commission communication, information : Florent Gautier, Sandrine B\u00e2cle<br>Capitaine D1 et Coupe du Morbihan : Chrishna Zitte, Antoine Tronyo<br>Capitaine D4 : Florent Gautier<\/p>\n\n\n\n<p class=\"has-text-align-center\"><b>Saison 2020-2021 :<\/b><br>Pr\u00e9sident : Yoann Jubin<br>Vice-pr\u00e9sident : Michel Fleury<br>Tr\u00e9sori\u00e8re : Ang\u00e9lique Pouiv\u00e9<br>Secr\u00e9taire : Jenny Maho<br>Commission poussins\/minibad : Yoann Jubin<br>Commission communication, information : Sandrine B\u00e2cle<br>Capitaine D1 et Coupe du Morbihan : Chrishna Zitte<br>Capitaine D4 :<\/p>\n\n\n\n<p class=\"has-text-align-center\"><b>Saison 2019-2020 :<\/b><br>Pr\u00e9sident : Yoann Jubin<br>Vice-pr\u00e9sident : Michel Fleury<br>Tr\u00e9sori\u00e8re : Ang\u00e9lique Pouiv\u00e9<br>Secr\u00e9taire : Wanted<br>Commission poussins\/minibad : Yoann Jubin<br>Commission communication, information : Sandrine B\u00e2cle<br>Capitaine D1 et Coupe du Morbihan : Chrishna Zitte<br>Capitaine D4 :<br>Capitaine DF :<br>Capitaine DH :<br>Capitaine DV :<\/p>\n\n\n\n<p class=\"has-text-align-center\"><b>Saison 2018-2019 :<\/b><br>Pr\u00e9sident : Yoann Jubin<br>Vice-pr\u00e9sident : Michel Fleury<br>Tr\u00e9sori\u00e8re : Ang\u00e9lique Pouiv\u00e9<br>Secr\u00e9taire : Arnaud Bellier<br>Commission jeunes : St\u00e9phanie Morice, Micka\u00ebl Le Penven<br>Commission poussins\/minibad : Yoann Jubin<br>Commission communication, information : Sandrine B\u00e2cle<br>Commission comp\u00e9titions adultes et mat\u00e9riel : Laurent Jouannel<br>Capitaine D2 et Coupe du Morbihan : Laurent Jouannel<br>Capitaine D3 : Yoann Jubin<br>Capitaine et adjoint D4 : Ang\u00e9lique Pouive, Micka\u00ebl Le Penven<br>Capitaine DF : Fanny Medigue<br>Capitaine DHE : Arnaud Bellier<br>Capitaine DV : Val\u00e9rie Jouannel<\/p>\n\n\n\n<p class=\"has-text-align-center\"><b>Saison 2017-2018 :<\/b><br>Pr\u00e9sidente : Cathy Faivre<br>Vice-pr\u00e9sident : Michel Fleury<br>Tr\u00e9sori\u00e8re : Ang\u00e9lique Pouiv\u00e9<br>Tr\u00e9sori\u00e8re adjointe : Linda Lecomte<br>Secr\u00e9taires : Val\u00e9rie Jouannel, Arnaud Bellier<br>Commission jeunes : St\u00e9phanie Morice, Louis Raison<br>Commission poussins\/minibad : Marcel Gicquel<br>Commission communication, information : Laurent Jouannel, Sandrine B\u00e2cle<br>Commission comp\u00e9titions adultes : Sandrine B\u00e2cle<br>Capitaine et adjoint D3A et Coupe du Morbihan : Yoann Jubin, Laurent Jouannel<br>Capitaine et adjoint D3B : Ang\u00e9lique Pouiv\u00e9, Louis Raison<br>Capitaine et adjoint D5 : Fanny Medigue, Fran\u00e7ois Bouyssonnie<br>Capitaine et adjointe DF1 : Sandrine B\u00e2cle, St\u00e9phanie Guillo<br>Capitaine et adjointe DF2 :\u00a0 Val\u00e9rie Jouannel, Cathy Faivre<br>Capitaine et adjoint DHE : Pierre Alexandre Sab\u00e9, Arnaud Bellier<br>Capitaine et adjoint DH2 : Yoann Jubin, Fran\u00e7ois Bouyssonnie<br>Capitaine et adjoint DV : Laurent Jouannel, Michel Fleury<\/p>\n\n\n\n<p class=\"has-text-align-center\"><b>Saison 2016-2017 :<\/b><br>Pr\u00e9sident : Michel Fleury<br>Vice-pr\u00e9sident : Jeannick Gauvin<br>Tr\u00e9sori\u00e8re : Ang\u00e9lique Pouiv\u00e9<br>Tr\u00e9sori\u00e8re adjointe : Fabienne Pihan<br>Secr\u00e9taire : Cathy Faivre<br>Secr\u00e9taires adjointes : Audrey Thomas, Fanny M\u00e9digue<br>Commission animation, stages, entra\u00eenements : Antoine Tronyo<br>Commission jeunes : Jeannick Gauvin, Val\u00e9rie Jouannel<br>Commission poussins\/minibad : Marc Faure, Marcel Gicquel, Antoine Tronyo<br>Commission textile : St\u00e9phanie Morice<br>Commission sponsors : Alice Huet<br>Commission communication, information : Sandrine B\u00e2cle, Cathy Faivre<br>Commission organisation de tournois : Fr\u00e9d\u00e9ric Becker<br>Commission comp\u00e9titions adultes : Sandrine B\u00e2cle<br>Capitaine Coupe du Morbihan : Johan Philippe<br>Capitaine et adjointe D3 : Yoann Jubin, Sandrine B\u00e2cle<br>Capitaine et adjointe D4 : Marc Faure, Linda Lecomte<br>Capitaine et adjoint D5 : Tiphaine Sarasin, Quentin Thomas<br>Capitaine et adjointe DF : Linda Ney, Candice Vouillon-Berry<br>Capitaine et adjoint DH : Laurent Jouannel, Pierre-Alexandre Sab\u00e9<\/p>\n\n\n\n<p class=\"has-text-align-center\"><b>Saison 2015-2016 :<\/b><br>Pr\u00e9sident : Michel Fleury<br>Vice-pr\u00e9sident : Marc Faure<br>Tr\u00e9sori\u00e8re : Fabienne Pihan<br>Tr\u00e9sori\u00e8re adjointe : Ang\u00e9lique Pouiv\u00e9<br>Secr\u00e9taire : Cathy Faivre<br>Secr\u00e9taire adjointe : B\u00e9reng\u00e8re Durand<br>Commission comp\u00e9titions adultes : Fanny Gomez<br>Commission jeunes : Jeannick Gauvin<br>Commission poussins\/minibad : Marcel Gicquel<br>Commission animation : Julie Mittelmann, Juliette Le Mou\u00ebl, Antoine Tronyo<br>Commission textile : St\u00e9phanie Morice<br>Commission communication : Sandrine B\u00e2cle<br>Capitaine D4 : Linda Ney<br>Capitaine DPr : Tiphaine Sarasin<\/p>\n\n\n\n<p class=\"has-text-align-center\"><b>Saison 2014-2015 :<\/b><br>Pr\u00e9sident : Michel Fleury<br>Vice-pr\u00e9sident : Jean-Fran\u00e7ois Kamp<br>Tr\u00e9sori\u00e8re : Fabienne Pihan<br>Tr\u00e9sorier adjoint : Herv\u00e9 Simon<br>Secr\u00e9taire : Cathy Faivre<br>Secr\u00e9taire adjointe, commission textile : Laure Le Nouricier<br>Responsables commissions : Marcel Gicquel, Marc Faure<br>Commission communication : Jean-Fran\u00e7ois Kamp, Sandrine B\u00e2cle<br>Capitaine D4 : Fabien Annet<\/p>\n\n\n\n<p class=\"has-text-align-center\"><b>Saison 2013-2014 :<\/b><br>Pr\u00e9sident : Michel Fleury<br>Vice-pr\u00e9sident : Jean-Fran\u00e7ois Kamp<br>Tr\u00e9sori\u00e8re : Fabienne Pihan<br>Tr\u00e9sorier adjoint : Herv\u00e9 Simon<br>Secr\u00e9taire : Cathy Faivre<br>Secr\u00e9taire adjoint : Maxime Evin<br>Responsables commissions : Julie L\u00e9vis, Marc Faure, Marcel Gicquel<br>Responsables communication : Jean-Fran\u00e7ois Kamp, Julie L\u00e9vis, Sandrine B\u00e2cle<\/p>\n\n\n\n<p class=\"has-text-align-center\"><b>Saison 2012-2013 :<\/b><br>Pr\u00e9sident : Marcel Gicquel<br>Vice-pr\u00e9sident : Jean-Fran\u00e7ois Kamp<br>Tr\u00e9sori\u00e8re : Fabienne Pihan<br>Tr\u00e9sorier adjoint : St\u00e9phane Bercy<br>Secr\u00e9taire : Julie L\u00e9vis<br>Secr\u00e9taire adjoint : Maxime Evin<br>Membres actifs\/\u00e9quipe animation : Philippe Bretin, Marc Faure, Michel Fleury<\/p>\n\n\n\n<p class=\"has-text-align-center\"><b>Saison 2011-2012 :<\/b><br>Pr\u00e9sident : Marcel Gicquel<br>Vice-pr\u00e9sident : Jean-Fran\u00e7ois Kamp, Philippe Bretin<br>Tr\u00e9soriers : St\u00e9phane Bercy, Julie L\u00e9vis<br>Secr\u00e9taires : Anne-Claire Bodin, Laure Le Nouricier<\/p>\n\n\n\n<p class=\"has-text-align-center\"><b>Saison 2010-2011 :<\/b><br>Pr\u00e9sident : Marcel Gicquel<br>Vice-pr\u00e9sident : Jean-Fran\u00e7ois Kamp, Philippe Bretin<br>Tr\u00e9sori\u00e8re : Sandrine B\u00e2cle<br>Tr\u00e9sorier adjoint : St\u00e9phane Bercy<br>Secr\u00e9taires : Anne-Claire Bodin, Laure Le Nouricier<br>Membre actif : Maxime Evin<\/p>\n\n\n\n<p class=\"has-text-align-center\"><b>Saison 2009-2010 :<\/b><br>Pr\u00e9sident : Jean-Fran\u00e7ois Kamp<br>Vice-pr\u00e9sident : Marcel Gicquel<br>Tr\u00e9sorier : St\u00e9phane Bercy<br>Secr\u00e9taire : Philippe Bretin<br>Secr\u00e9taires adjointes : Anne-Claire Bodin, Sandrine B\u00e2cle<br>Membre actif : Maxime Evin<\/p>\n\n\n\n<p class=\"has-text-align-center\"><b>Saison 2008-2009 :<\/b><br>Pr\u00e9sident : Jean-Fran\u00e7ois Kamp<br>Vice-pr\u00e9sident : Alain Colas<br>Tr\u00e9sorier : St\u00e9phane Bercy<br>Secr\u00e9taire : Philippe Bretin<br>Secr\u00e9taire adjointe : Sandrine B\u00e2cle<\/p>\n\n\n\n<p class=\"has-text-align-center\"><b>Saison 2007-2008 :<\/b><br>Pr\u00e9sident : Pascal Le Bouar<br>Vice-pr\u00e9sident : Laurent Scourzic<br>Tr\u00e9sorier : Didier Le Chenadec<br>Secr\u00e9taire : H\u00e9l\u00e8ne Guillor\u00e9<\/p>\n\n\n\n<p class=\"has-text-align-center\"><b>Saison 2006-2007 :<\/b><br>Pr\u00e9sident : Pascal Le Bouar<br>Vice-pr\u00e9sident : David Lucas<br>Tr\u00e9sorier : Paul Frelaut<br>Tr\u00e9sorier adjoint : Didier Le Chenadec<br>Secr\u00e9taire : Laurent Scourzic<\/p>\n\n\n\n<p class=\"has-text-align-center\"><b>Date de cr\u00e9ation de l&rsquo;association : f\u00e9vrier 2006<\/b><\/p>\n\n\n\n<p>Les <strong>status<\/strong> de l&rsquo;association (inchang\u00e9s depuis 2014) sont disponibles <a title=\"statuts_essas\" href=\"https:\/\/essas-du-volant.fr\/wp-content\/uploads\/2017\/01\/statuts_essas.pdf\">ICI<\/a>.<\/p>\n\n\n\n<p><\/p>\n","protected":false},"excerpt":{"rendered":"<p>2024-2025 Pr\u00e9sident :\u00a0 Michel Tr\u00e9sori\u00e8re :\u00a0 Ang\u00e9lique Secr\u00e9taire : Mathilde Le bureau et ses membres actifs \u00e0 travers les ann\u00e9es Saison 2024-2025 :Pr\u00e9sident : Michel FleuryTr\u00e9sori\u00e8re : Ang\u00e9lique Pouiv\u00e9Secr\u00e9taire : Mathilde HuetteCommission communication, information : Kally Boulet, Florent Gautier, Sandrine B\u00e2cleCommission jeunes :Commission loisirs :Commission sponsor partenaire :Commission tournoi comp\u00e9titions :Commission mat\u00e9riels :Capitaine pr\u00e9-r\u00e9gionale et Coupe du Morbihan : Capitaine D2 : Capitaine D4 : Capitaine D5 : DH3 : DF2 : Saison 2023-2024 :Pr\u00e9sident : Michel FleuryTr\u00e9sori\u00e8re : Ang\u00e9lique&#8230;<\/p>\n<p class=\"read-more\"><a class=\"btn btn-default\" href=\"https:\/\/essas-du-volant.fr\/index.php\/presentation\/bureau\/\"> Read More<span class=\"screen-reader-text\">  Read More<\/span><\/a><\/p>\n","protected":false},"author":1,"featured_media":0,"parent":657,"menu_order":0,"comment_status":"closed","ping_status":"closed","template":"","meta":{"jetpack_post_was_ever_published":false,"footnotes":""},"class_list":["post-18","page","type-page","status-publish","hentry"],"jetpack_sharing_enabled":true,"jetpack_likes_enabled":true,"_links":{"self":[{"href":"https:\/\/essas-du-volant.fr\/index.php\/wp-json\/wp\/v2\/pages\/18","targetHints":{"allow":["GET"]}}],"collection":[{"href":"https:\/\/essas-du-volant.fr\/index.php\/wp-json\/wp\/v2\/pages"}],"about":[{"href":"https:\/\/essas-du-volant.fr\/index.php\/wp-json\/wp\/v2\/types\/page"}],"author":[{"embeddable":true,"href":"https:\/\/essas-du-volant.fr\/index.php\/wp-json\/wp\/v2\/users\/1"}],"replies":[{"embeddable":true,"href":"https:\/\/essas-du-volant.fr\/index.php\/wp-json\/wp\/v2\/comments?post=18"}],"version-history":[{"count":28,"href":"https:\/\/essas-du-volant.fr\/index.php\/wp-json\/wp\/v2\/pages\/18\/revisions"}],"predecessor-version":[{"id":10942,"href":"https:\/\/essas-du-volant.fr\/index.php\/wp-json\/wp\/v2\/pages\/18\/revisions\/10942"}],"up":[{"embeddable":true,"href":"https:\/\/essas-du-volant.fr\/index.php\/wp-json\/wp\/v2\/pages\/657"}],"wp:attachment":[{"href":"https:\/\/essas-du-volant.fr\/index.php\/wp-json\/wp\/v2\/media?parent=18"}],"curies":[{"name":"wp","href":"https:\/\/api.w.org\/{rel}","templated":true}]}}